{"id":960044,"date":"2021-09-30T12:50:11","date_gmt":"2021-09-30T10:50:11","guid":{"rendered":"https:\/\/www.stg-logistique.fr\/?page_id=960044"},"modified":"2021-10-01T09:38:58","modified_gmt":"2021-10-01T07:38:58","slug":"privacy-policy","status":"publish","type":"page","link":"https:\/\/www.stg-logistique.fr\/en\/privacy-policy\/","title":{"rendered":"Privacy Policy"},"content":{"rendered":"<p>[vc_section full_width=&#8221;stretch_row&#8221; parallax=&#8221;content-moving&#8221; parallax_image=&#8221;579&#8243; parallax_speed_bg=&#8221;3&#8243; css=&#8221;.vc_custom_1501030829635{margin-bottom: 30px !important;padding-bottom: 20px !important;}&#8221;][vc_row css=&#8221;.vc_custom_1499630128094{margin-top: 70px !important;margin-bottom: 90px !important;}&#8221;][vc_column][ultimate_heading main_heading=&#8221;Privacy Policy&#8221; main_heading_color=&#8221;#ffffff&#8221; sub_heading_color=&#8221;#ffffff&#8221; main_heading_font_family=&#8221;font_family:Titillium Web|font_call:Titillium+Web|variant:600&#8243; main_heading_style=&#8221;font-weight:600;&#8221; main_heading_font_size=&#8221;desktop:60px;tablet:45px;tablet_portrait:45px;mobile_landscape:30px;mobile:30px;&#8221; sub_heading_font_family=&#8221;font_family:Titillium Web|font_call:Titillium+Web|variant:300&#8243; sub_heading_style=&#8221;font-weight:300;&#8221; sub_heading_font_size=&#8221;desktop:25px;mobile:16px;&#8221;][\/ultimate_heading][\/vc_column][\/vc_row][\/vc_section][vc_row][vc_column][vc_column_text]Cette politique s\u2019applique sur le site <a href=\"https:\/\/www.stg-logistique.fr\/\">https:\/\/www.stg-logistique.fr\/<\/a><\/p>\n<p>Date de mise \u00e0 jour : 30\/09\/2021<\/p>\n<ol>\n<li><strong>Quelles sont les donn\u00e9es personnelles collect\u00e9es et comment ?<\/strong><\/li>\n<li><strong>Pourquoi sont-elles collect\u00e9es ?<\/strong><\/li>\n<li><strong>Qui pourra consulter ses donn\u00e9es ? Seront-elles transmises \u00e0 des tiers ?<\/strong><\/li>\n<li><strong>Cookies ?<\/strong><\/li>\n<li><strong>Combien de temps seront conserv\u00e9es les donn\u00e9es ?<\/strong><\/li>\n<li><strong>S\u00e9curit\u00e9 de vos donn\u00e9es<\/strong><\/li>\n<li><strong>Quels sont les droits de l&#8217;utilisateur vis-\u00e0-vis des donn\u00e9es ?<\/strong><\/li>\n<li><strong>Quel est le contact du DPO ?<\/strong><\/li>\n<\/ol>\n<p>&nbsp;<\/p>\n<h2>Introduction<\/h2>\n<p>Vous naviguez actuellement sur le site internet du Groupe STG, dont le si\u00e8ge social est situ\u00e9 1 rue de la Richardi\u00e8re &#8211; ZA Noyal Sud, 35530 Noyal sur Vilaine.<\/p>\n<p>Dans ce cadre, le groupe STG en qualit\u00e9 de responsable de traitement est amen\u00e9 \u00e0 collecter et traiter informations, dont des Donn\u00e9es Personnelles.<\/p>\n<p>Nous vous rappelons qu\u2019une donn\u00e9e personnelle est d\u00e9finie comme \u00ab <em>toute information se rapportant \u00e0 une personne physique identifi\u00e9e ou identifiable <\/em>\u00bb.<\/p>\n<p>&nbsp;<\/p>\n<p>Le groupe STG est soucieux de la protection de vos donn\u00e9es et s\u2019engage \u00e0 les utiliser selon une finalit\u00e9 d\u00e9finie.<\/p>\n<p>&nbsp;<\/p>\n<h2>1 &#8211; Donn\u00e9es personnelles<\/h2>\n<p>Sur le site web\u00a0<a href=\"https:\/\/www.stg-logistique.fr\/\">https:\/\/www.stg-logistique.fr\/<\/a> , plusieurs types de donn\u00e9es sont recueillis. Certaines donn\u00e9es sont non identifi\u00e9es et non identifiables et d\u2019autres permettent de vous identifier directement ou indirectement.<\/p>\n<p>&nbsp;<\/p>\n<ul>\n<li>Les donn\u00e9es que vous nous transmettez directement\u00a0:<\/li>\n<\/ul>\n<p>Les donn\u00e9es transmises directement sont celles que vous transmettez via un formulaire de contact ou bien par email. Sont obligatoires dans le formulaire de contact les champs \u00ab pr\u00e9nom et nom \u00bb, \u00ab entreprise ou organisation \u00bb, \u00ab\u00a0adresse\u00a0\u00bb, \u00ab email \u00bb et \u00ab\u00a0t\u00e9l\u00e9phone\u00a0\u00bb.<\/p>\n<p>&nbsp;<\/p>\n<ul>\n<li>Les donn\u00e9es que nous recueillons automatiquement\u00a0\u00ab\u00a0cookies\u00a0\u00bb. La CNIL d\u00e9finit le cookie comme \u00ab\u00a0un petit fichier stock\u00e9 par un serveur dans le terminal (ordinateur, t\u00e9l\u00e9phone, etc.) d\u2019un utilisateur et associ\u00e9 \u00e0 un domaine web (c\u2019est \u00e0 dire dans la majorit\u00e9 des cas \u00e0 l\u2019ensemble des pages d\u2019un m\u00eame site web). Ce fichier est automatiquement renvoy\u00e9 lors de contacts ult\u00e9rieurs avec le m\u00eame domaine.\u00a0\u00bb<\/li>\n<\/ul>\n<p>&nbsp;<\/p>\n<h2>2 &#8211; Utilisation des donn\u00e9es \u2013 Finalit\u00e9<\/h2>\n<p>Les donn\u00e9es que vous nous transmettez directement sont utilis\u00e9es aux fins suivantes\u00a0:<\/p>\n<p>&#8211; r\u00e9pondre aux demandes faites par le formulaire de contact\u00a0;<\/p>\n<p>&#8211; r\u00e9pondre \u00e0 vos demandes de devis\u00a0et ou cotation ;<\/p>\n<p>&#8211; r\u00e9pondre \u00e0 vos candidatures\u00a0;<\/p>\n<p>&#8211; r\u00e9pondre \u00e0 vos demandes de services.<\/p>\n<p>&nbsp;<\/p>\n<h2>3 &#8211; Qui consulte vos donn\u00e9es<\/h2>\n<p>Les donn\u00e9es personnelles collect\u00e9es sur le site sont consult\u00e9es par le groupe STG.<\/p>\n<p>Certaines donn\u00e9es peuvent \u00eatre partag\u00e9es avec des sous-traitants ou des prestataires de service, uniquement dans le but de r\u00e9pondes \u00e0 vos demandes de service.<\/p>\n<p>Candidatures transmises via l\u2019espace carri\u00e8res peuvent \u00eatre transmises \u00e0 notre prestataire A compl\u00e9ter en fonction des RH.<\/p>\n<p>&nbsp;<\/p>\n<h2>4 &#8211; Cookies<\/h2>\n<p>Les cookies d\u00e9pos\u00e9s par le Groupe STG nous donnent acc\u00e8s aux informations suivantes :<\/p>\n<p>&#8211; cookie de session\u00a0: ces cookies permettent de conserver vos informations de connexion (\u00ab cookie de session \u00bb) et s\u00e9curiser cette derni\u00e8re (date, heure, dur\u00e9e, adresse IP et informations sur le navigateur et le syst\u00e8me d&#8217;exploitation). Ces informations sont conserv\u00e9es le temps de votre session augment\u00e9e d&#8217;une heure maximum.<\/p>\n<p>&#8211; cookie de statistique\u00a0: finalit\u00e9 et dur\u00e9e de conservation \u00e0 compl\u00e9ter.<\/p>\n<p>&nbsp;<\/p>\n<p>Cookies tiers\u00a0:<\/p>\n<p>&#8211; r\u00e9seaux sociaux\u00a0: Les r\u00e9seaux sociaux permettent d&#8217;am\u00e9liorer la convivialit\u00e9 du site et aident \u00e0 sa promotion via les partages.<\/p>\n<p>&#8211; Vid\u00e9os\u00a0: Les services de partage de vid\u00e9o permettent d&#8217;enrichir le site de contenu multim\u00e9dia et augmentent sa visibilit\u00e9.<\/p>\n<p>&nbsp;<\/p>\n<p>Cookies site de recrutement<\/p>\n<p>&nbsp;<\/p>\n<h2>5 &#8211; Dur\u00e9e de conservation<\/h2>\n<p>Les donn\u00e9es sont conserv\u00e9es pendant une dur\u00e9e conforme aux dispositions l\u00e9gales et peuvent varier en fonction des finalit\u00e9s.<\/p>\n<p>&nbsp;<\/p>\n<h2>6 &#8211; S\u00e9curit\u00e9 de vos donn\u00e9es<\/h2>\n<p>Le Groups STG s\u2019engage \u00e0 prendre toutes les pr\u00e9cautions techniques et organisationnelles pour emp\u00eacher la perte, l\u2019abus ou l\u2019alt\u00e9ration de vos donn\u00e9es.<\/p>\n<p>&nbsp;<\/p>\n<h2>7 &#8211; Vos droits concernant les donn\u00e9es personnelles<\/h2>\n<p>Vous pouvez acc\u00e9der aux donn\u00e9es vous concernant, les rectifier, demander leur effacement ou exercer votre droit \u00e0 la limitation du traitement de vos donn\u00e9es.<\/p>\n<p>Vous pouvez \u00e9galement retirer votre consentement au traitement de vos donn\u00e9es.<\/p>\n<p>Il convient d\u2019adresser vos demandes au D\u00e9l\u00e9gu\u00e9 \u00e0 la Protection des Donn\u00e9es du Groupe STG.<\/p>\n<p>&nbsp;<\/p>\n<h2>8 &#8211; Contact D\u00e9l\u00e9gu\u00e9 \u00e0 la Protection des Donn\u00e9es<\/h2>\n<p>Pour exercer vos droits ou pour toute question sur le traitement de vos donn\u00e9es, vous pouvez contacter notre d\u00e9l\u00e9gu\u00e9 \u00e0 la protection des donn\u00e9es\u00a0:<\/p>\n<p>&nbsp;<\/p>\n<p><strong>Par courrier :<\/strong><\/p>\n<p>GROUPE STG DPO<\/p>\n<p>1 RUE DE LA RICHARDIERE<\/p>\n<p>35530 NOYAL SUR VILAINE<\/p>\n<p>&nbsp;<\/p>\n<p><strong>Par mail\u00a0:<\/strong><\/p>\n<p><a href=\"mailto:dpo.rgpd@stg.fr\">dpo.rgpd@stg.fr<\/a><\/p>\n<p>&nbsp;<\/p>\n<p>[\/vc_column_text][\/vc_column][\/vc_row]<\/p>\n","protected":false},"excerpt":{"rendered":"<p>[vc_section full_width=&#8221;stretch_row&#8221; parallax=&#8221;content-moving&#8221; parallax_image=&#8221;579&#8243; parallax_speed_bg=&#8221;3&#8243; css=&#8221;.vc_custom_1501030829635{margin-bottom: 30px !important;padding-bottom: 20px !important;}&#8221;][vc_row css=&#8221;.vc_custom_1499630128094{margin-top: 70px !important;margin-bottom: 90px !important;}&#8221;][vc_column][ultimate_heading main_heading=&#8221;Privacy Policy&#8221; main_heading_color=&#8221;#ffffff&#8221; sub_heading_color=&#8221;#ffffff&#8221; main_heading_font_family=&#8221;font_family:Titillium Web|font_call:Titillium+Web|variant:600&#8243; main_heading_style=&#8221;font-weight:600;&#8221; [&hellip;]<\/p>\n","protected":false},"author":1,"featured_media":0,"parent":0,"menu_order":0,"comment_status":"closed","ping_status":"closed","template":"","meta":{"inline_featured_image":false,"footnotes":""},"class_list":["post-960044","page","type-page","status-publish","hentry"],"yoast_head":"<!-- This site is optimized with the Yoast SEO plugin v27.1.1 - https:\/\/yoast.com\/product\/yoast-seo-wordpress\/ -->\n<title>Privacy Policy - STG<\/title>\n<meta name=\"robots\" content=\"index, follow, max-snippet:-1, max-image-preview:large, max-video-preview:-1\" \/>\n<link rel=\"canonical\" href=\"https:\/\/www.stg-logistique.fr\/en\/privacy-policy\/\" \/>\n<meta property=\"og:locale\" content=\"en_US\" \/>\n<meta property=\"og:type\" content=\"article\" \/>\n<meta property=\"og:title\" content=\"Privacy Policy - STG\" \/>\n<meta property=\"og:description\" content=\"[vc_section full_width=&#8221;stretch_row&#8221; parallax=&#8221;content-moving&#8221; parallax_image=&#8221;579&#8243; parallax_speed_bg=&#8221;3&#8243; css=&#8221;.vc_custom_1501030829635{margin-bottom: 30px !important;padding-bottom: 20px !important;}&#8221;][vc_row css=&#8221;.vc_custom_1499630128094{margin-top: 70px !important;margin-bottom: 90px !important;}&#8221;][vc_column][ultimate_heading main_heading=&#8221;Privacy Policy&#8221; main_heading_color=&#8221;#ffffff&#8221; sub_heading_color=&#8221;#ffffff&#8221; main_heading_font_family=&#8221;font_family:Titillium Web|font_call:Titillium+Web|variant:600&#8243; main_heading_style=&#8221;font-weight:600;&#8221; [&hellip;]\" \/>\n<meta property=\"og:url\" content=\"https:\/\/www.stg-logistique.fr\/en\/privacy-policy\/\" \/>\n<meta property=\"og:site_name\" content=\"STG\" \/>\n<meta property=\"article:publisher\" content=\"https:\/\/www.facebook.com\/Groupe-STG-Transport-Logistique-1517656841656380\/\" \/>\n<meta property=\"article:modified_time\" content=\"2021-10-01T07:38:58+00:00\" \/>\n<meta name=\"twitter:card\" content=\"summary_large_image\" \/>\n<meta name=\"twitter:site\" content=\"@StgGroupe\" \/>\n<meta name=\"twitter:label1\" content=\"Est. reading time\" \/>\n\t<meta name=\"twitter:data1\" content=\"4 minutes\" \/>\n<script type=\"application\/ld+json\" class=\"yoast-schema-graph\">{\"@context\":\"https:\/\/schema.org\",\"@graph\":[{\"@type\":\"WebPage\",\"@id\":\"https:\/\/www.stg-logistique.fr\/en\/privacy-policy\/\",\"url\":\"https:\/\/www.stg-logistique.fr\/en\/privacy-policy\/\",\"name\":\"Privacy Policy - STG\",\"isPartOf\":{\"@id\":\"https:\/\/www.stg-logistique.fr\/#website\"},\"datePublished\":\"2021-09-30T10:50:11+00:00\",\"dateModified\":\"2021-10-01T07:38:58+00:00\",\"breadcrumb\":{\"@id\":\"https:\/\/www.stg-logistique.fr\/en\/privacy-policy\/#breadcrumb\"},\"inLanguage\":\"en-US\",\"potentialAction\":[{\"@type\":\"ReadAction\",\"target\":[\"https:\/\/www.stg-logistique.fr\/en\/privacy-policy\/\"]}]},{\"@type\":\"BreadcrumbList\",\"@id\":\"https:\/\/www.stg-logistique.fr\/en\/privacy-policy\/#breadcrumb\",\"itemListElement\":[{\"@type\":\"ListItem\",\"position\":1,\"name\":\"Accueil\",\"item\":\"https:\/\/www.stg-logistique.fr\/\"},{\"@type\":\"ListItem\",\"position\":2,\"name\":\"Privacy Policy\"}]},{\"@type\":\"WebSite\",\"@id\":\"https:\/\/www.stg-logistique.fr\/#website\",\"url\":\"https:\/\/www.stg-logistique.fr\/\",\"name\":\"STG\",\"description\":\"R\u00e9seau de distribution Frigorifique de produits alimentaires sur le territoire europ\u00e9en. Un service de livraison sous 24\/72 heures dans toute l&#039;Europe. Transport de marchandises diverses, r\u00e9seau de distribution Messagerie.\",\"publisher\":{\"@id\":\"https:\/\/www.stg-logistique.fr\/#organization\"},\"potentialAction\":[{\"@type\":\"SearchAction\",\"target\":{\"@type\":\"EntryPoint\",\"urlTemplate\":\"https:\/\/www.stg-logistique.fr\/?s={search_term_string}\"},\"query-input\":{\"@type\":\"PropertyValueSpecification\",\"valueRequired\":true,\"valueName\":\"search_term_string\"}}],\"inLanguage\":\"en-US\"},{\"@type\":\"Organization\",\"@id\":\"https:\/\/www.stg-logistique.fr\/#organization\",\"name\":\"STG\",\"url\":\"https:\/\/www.stg-logistique.fr\/\",\"logo\":{\"@type\":\"ImageObject\",\"inLanguage\":\"en-US\",\"@id\":\"https:\/\/www.stg-logistique.fr\/#\/schema\/logo\/image\/\",\"url\":\"https:\/\/www.stg-logistique.fr\/wp-content\/uploads\/2017\/07\/logo-STG_iconeH120-1.png\",\"contentUrl\":\"https:\/\/www.stg-logistique.fr\/wp-content\/uploads\/2017\/07\/logo-STG_iconeH120-1.png\",\"width\":120,\"height\":120,\"caption\":\"STG\"},\"image\":{\"@id\":\"https:\/\/www.stg-logistique.fr\/#\/schema\/logo\/image\/\"},\"sameAs\":[\"https:\/\/www.facebook.com\/Groupe-STG-Transport-Logistique-1517656841656380\/\",\"https:\/\/x.com\/StgGroupe\",\"https:\/\/www.youtube.com\/watch?v=aG61gxmK6q0&amp;amp;amp;list=PLCW47K92IP9H06Kpyi2lbpi7AVcuIC-ER\"]}]}<\/script>\n<!-- \/ Yoast SEO plugin. -->","yoast_head_json":{"title":"Privacy Policy - STG","robots":{"index":"index","follow":"follow","max-snippet":"max-snippet:-1","max-image-preview":"max-image-preview:large","max-video-preview":"max-video-preview:-1"},"canonical":"https:\/\/www.stg-logistique.fr\/en\/privacy-policy\/","og_locale":"en_US","og_type":"article","og_title":"Privacy Policy - STG","og_description":"[vc_section full_width=&#8221;stretch_row&#8221; parallax=&#8221;content-moving&#8221; parallax_image=&#8221;579&#8243; parallax_speed_bg=&#8221;3&#8243; css=&#8221;.vc_custom_1501030829635{margin-bottom: 30px !important;padding-bottom: 20px !important;}&#8221;][vc_row css=&#8221;.vc_custom_1499630128094{margin-top: 70px !important;margin-bottom: 90px !important;}&#8221;][vc_column][ultimate_heading main_heading=&#8221;Privacy Policy&#8221; main_heading_color=&#8221;#ffffff&#8221; sub_heading_color=&#8221;#ffffff&#8221; main_heading_font_family=&#8221;font_family:Titillium Web|font_call:Titillium+Web|variant:600&#8243; main_heading_style=&#8221;font-weight:600;&#8221; [&hellip;]","og_url":"https:\/\/www.stg-logistique.fr\/en\/privacy-policy\/","og_site_name":"STG","article_publisher":"https:\/\/www.facebook.com\/Groupe-STG-Transport-Logistique-1517656841656380\/","article_modified_time":"2021-10-01T07:38:58+00:00","twitter_card":"summary_large_image","twitter_site":"@StgGroupe","twitter_misc":{"Est. reading time":"4 minutes"},"schema":{"@context":"https:\/\/schema.org","@graph":[{"@type":"WebPage","@id":"https:\/\/www.stg-logistique.fr\/en\/privacy-policy\/","url":"https:\/\/www.stg-logistique.fr\/en\/privacy-policy\/","name":"Privacy Policy - STG","isPartOf":{"@id":"https:\/\/www.stg-logistique.fr\/#website"},"datePublished":"2021-09-30T10:50:11+00:00","dateModified":"2021-10-01T07:38:58+00:00","breadcrumb":{"@id":"https:\/\/www.stg-logistique.fr\/en\/privacy-policy\/#breadcrumb"},"inLanguage":"en-US","potentialAction":[{"@type":"ReadAction","target":["https:\/\/www.stg-logistique.fr\/en\/privacy-policy\/"]}]},{"@type":"BreadcrumbList","@id":"https:\/\/www.stg-logistique.fr\/en\/privacy-policy\/#breadcrumb","itemListElement":[{"@type":"ListItem","position":1,"name":"Accueil","item":"https:\/\/www.stg-logistique.fr\/"},{"@type":"ListItem","position":2,"name":"Privacy Policy"}]},{"@type":"WebSite","@id":"https:\/\/www.stg-logistique.fr\/#website","url":"https:\/\/www.stg-logistique.fr\/","name":"STG","description":"R\u00e9seau de distribution Frigorifique de produits alimentaires sur le territoire europ\u00e9en. Un service de livraison sous 24\/72 heures dans toute l&#039;Europe. Transport de marchandises diverses, r\u00e9seau de distribution Messagerie.","publisher":{"@id":"https:\/\/www.stg-logistique.fr\/#organization"},"potentialAction":[{"@type":"SearchAction","target":{"@type":"EntryPoint","urlTemplate":"https:\/\/www.stg-logistique.fr\/?s={search_term_string}"},"query-input":{"@type":"PropertyValueSpecification","valueRequired":true,"valueName":"search_term_string"}}],"inLanguage":"en-US"},{"@type":"Organization","@id":"https:\/\/www.stg-logistique.fr\/#organization","name":"STG","url":"https:\/\/www.stg-logistique.fr\/","logo":{"@type":"ImageObject","inLanguage":"en-US","@id":"https:\/\/www.stg-logistique.fr\/#\/schema\/logo\/image\/","url":"https:\/\/www.stg-logistique.fr\/wp-content\/uploads\/2017\/07\/logo-STG_iconeH120-1.png","contentUrl":"https:\/\/www.stg-logistique.fr\/wp-content\/uploads\/2017\/07\/logo-STG_iconeH120-1.png","width":120,"height":120,"caption":"STG"},"image":{"@id":"https:\/\/www.stg-logistique.fr\/#\/schema\/logo\/image\/"},"sameAs":["https:\/\/www.facebook.com\/Groupe-STG-Transport-Logistique-1517656841656380\/","https:\/\/x.com\/StgGroupe","https:\/\/www.youtube.com\/watch?v=aG61gxmK6q0&amp;amp;amp;list=PLCW47K92IP9H06Kpyi2lbpi7AVcuIC-ER"]}]}},"_links":{"self":[{"href":"https:\/\/www.stg-logistique.fr\/en\/wp-json\/wp\/v2\/pages\/960044","targetHints":{"allow":["GET"]}}],"collection":[{"href":"https:\/\/www.stg-logistique.fr\/en\/wp-json\/wp\/v2\/pages"}],"about":[{"href":"https:\/\/www.stg-logistique.fr\/en\/wp-json\/wp\/v2\/types\/page"}],"author":[{"embeddable":true,"href":"https:\/\/www.stg-logistique.fr\/en\/wp-json\/wp\/v2\/users\/1"}],"replies":[{"embeddable":true,"href":"https:\/\/www.stg-logistique.fr\/en\/wp-json\/wp\/v2\/comments?post=960044"}],"version-history":[{"count":3,"href":"https:\/\/www.stg-logistique.fr\/en\/wp-json\/wp\/v2\/pages\/960044\/revisions"}],"predecessor-version":[{"id":962006,"href":"https:\/\/www.stg-logistique.fr\/en\/wp-json\/wp\/v2\/pages\/960044\/revisions\/962006"}],"wp:attachment":[{"href":"https:\/\/www.stg-logistique.fr\/en\/wp-json\/wp\/v2\/media?parent=960044"}],"curies":[{"name":"wp","href":"https:\/\/api.w.org\/{rel}","templated":true}]}}